{"id":896,"date":"2019-12-01T00:05:30","date_gmt":"2019-11-30T23:05:30","guid":{"rendered":"https:\/\/dietenbach-ist-ueberall.de\/?page_id=896"},"modified":"2019-12-01T00:05:30","modified_gmt":"2019-11-30T23:05:30","slug":"informative-webseiten","status":"publish","type":"page","link":"https:\/\/dietenbach-ist-ueberall.de\/?page_id=896","title":{"rendered":"Informative Webseiten"},"content":{"rendered":"<div id=\"header-text\" class=\"\">\n<p><a href=\"http:\/\/www.biprolandwirtschaft.de\/\"><strong>BI Pro Landwirtschaft und Wald in Freiburg Dietenbach &amp; Regio<\/strong><\/a><\/p>\n<p>Die Webseite der Landwirte f\u00fcr den Erhalt von Dietenbach<br \/>\n\u00dcber unsere BI<br \/>\n<a href=\"http:\/\/www.biprolandwirtschaft.de\/\">Wir Landwirte und B\u00fcrger*innen treten f\u00fcr den Erhalt des Gewannes Freiburg Dietenbach als Landwirtschaftsfl\u00e4che, Kulturlandschaft und Naherholungsgebiet mit seinen \u00c4ckern, Wiesen und Wald ein.<\/a> Wir sind strikt gegen eine Bebauung, die seitens der Stadt aktuell forciert und bejaht wird. Wir setzen uns ein f\u00fcr eine zukunftsf\u00e4hige Stadt und Region Freiburg mit voller Erhaltung von Landwirtschaft, Wald, Wiesen, Kleing\u00e4rten und Gartenbau und ohne \u201eBauen auf der Gr\u00fcnen Wiese\u201c.<\/p>\n<p><img loading=\"lazy\" class=\"alignnone size-full wp-image-4275\" src=\"https:\/\/rettet-dietenbach.de\/wp-content\/uploads\/2019\/02\/Pony-frisstkeinenBeton-e1550881162619.jpg\" alt=\"\" width=\"300\" height=\"400\" \/><\/p>\n<p><a href=\"http:\/\/ecotrinova.de\/pages\/startseite.php\" target=\"_blank\" rel=\"noopener noreferrer\"><strong>ECOtrinova e. V.<\/strong><\/a><\/p>\n<p><span class=\"normal\">ECOtrinova e.V. ist eine Arbeitsgemeinschaft in Freiburg i.Br. und Region ans\u00e4ssiger Umweltinstitute, Vereine, Fach-B\u00fcros und B\u00fcrgerInnen und ist ein gemeinn\u00fctziger kooperativer <a href=\"http:\/\/ecotrinova.de\/pages\/startseite.php\">Verein f\u00fcr Umwelt- und Verbraucherschutz,<\/a><a href=\"http:\/\/ecotrinova.de\/pages\/startseite.php\">Energie und Klimaschutz<\/a>, insbesondere am s\u00fcdlichen Oberrhein.\u00a0<\/span><\/p>\n<\/div>\n<p><a href=\"http:\/\/www.biprolandwirtschaft.de\/ueber-das-regiobuendnis\/\"><strong>RegioB\u00fcndnis Pro Landwirtschaft, Natur und \u00f6kosoziales Wohnen<\/strong><\/a><\/p>\n<p>\u201eF\u00fcr den \u00f6kosozialen Umbau von Stadt und Region f\u00fcrs Wohnen! Rettet die regionale Landwirt\u00adschaft und\u00a0Natur! Stoppt das Bauen auf der \u201egr\u00fcnen Wiese\u201c jetzt!\u201c Das sind drei Hauptforderungen des 2017 gegr\u00fcndeten RegioB\u00fcndnis:\u00a0 einer wachsenden Allianz von mittlerweile 16 Landwirtschafts-, Umwelt- und Naturschutz- sowie Nachhaltigkeitsorganisationen aus Freiburg und Regio.<\/p>\n<p><a title=\"\" href=\"https:\/\/rettet-dietenbach.de\/wp-content\/uploads\/2019\/04\/RegioBuendnis_Gruendungserklaerung_Nov2018.pdf\" target=\"_blank\" rel=\"noopener noreferrer\">Gr\u00fcndungs-Erkl\u00e4rung<\/a><\/p>\n<p>In Freiburg und Region verschwinden in be\u00e4ngstigender Schnelle landwirtschaftli\u00adche B\u00f6den, G\u00e4rten, Natur und Naherholungsfl\u00e4chen durch Bebau\u00adung mit Geb\u00e4uden, Gewerbegebieten, Stra\u00dfen und Parkpl\u00e4tzen. Jetzt sei Einhalt geboten, damit die Bev\u00f6lkerung, k\u00fcnftige Generationen und die Natur nicht grundgesetzwidrig (Art. 20 a GG) immer mehr nat\u00fcrliche Lebensgrundlagen verlieren.<\/p>\n<p><a href=\"https:\/\/dietenbach-ist-ueberall.de\/wp-admin\/post.php?post=292&amp;action=edit\" target=\"_blank\" rel=\"noopener noreferrer\">Die Medienmitteilung des Regionb\u00fcndnis vom 6.8.2019.<\/a><\/p>\n<div id=\"header-text\" class=\"\">\n<div id=\"cc-m-6051482063\" class=\"j-module n j-header \">\n<p id=\"cc-m-header-6051482063\">\n<a title=\"\" href=\"https:\/\/www.nabu-freiburg.de\/wir-%C3%BCber-uns\/\" target=\"_blank\" rel=\"noopener noreferrer\"><strong>NABU-Gruppe Freiburg<\/strong><\/a><\/p>\n<\/div>\n<div id=\"cc-m-6051774063\" class=\"j-module n j-text \">\n<p>Die NABU-Gruppe Freiburg ist ein eingetragener Verein und hat im Moment \u00fcber 3000\u00a0Mitglieder. Er geh\u00f6rt damit bundesweit zu den gro\u00dfen NABU-Gruppen. 1905 als Ortsgruppe des Bund f\u00fcr Vogelschutz gegr\u00fcndet, k\u00f6nnen wir auf eine wechselvolle Geschichte zur\u00fcckblicken.<br \/>\n<a title=\"\" href=\"https:\/\/www.nabu-freiburg.de\/wir-%C3%BCber-uns\/\" target=\"_blank\" rel=\"noopener noreferrer\">Der NABU setzt sich auf vielf\u00e4ltige Weise f\u00fcr die Natur ein. Zu unserer Arbeit geh\u00f6ren praktische Ma\u00dfnahmen wie Landschaftspflege genauso dazu wie zu Vortr\u00e4gen einladen oder gemeinsam auf Exkursionen die Natur kennen lernen.<\/a><\/p>\n<\/div>\n<\/div>\n<p>Alexander Milles, 1. Vorsitzender, 11\/2018: \u201cDer Siedlungsdruck auf Naturr\u00e4ume rund um Freiburg hat sich in den vergangenen Jahren dramatisch erh\u00f6ht. Dieser Trend sollte ein Weckruf sein, denn bundesweit und auch im Land liegen wir noch weit hinter unseren Nachhaltigkeitszielen zum Arten- und Fl\u00e4chenschutz zur\u00fcck.\u201d<\/p>\n<p>2\/2019: \u201cDaf\u00fcr tritt der NABU ein: F\u00fcr mehr Gleichheit und Gerechtigkeit und somit auch bezahlbares Wohnen in Vereinbarkeit mit der \u00d6kologie. Wir sind \u00fcberzeugt, dass der Neubaustadtteil keine nachhaltige L\u00f6sung darstellt. Die Finanzierbarkeit sowohl von langfristigem, sozialem Wohnungsbau sowie des \u00d6PNV wirft nach wie vor Fragen auf. Daher und aufgrund der mangelhaften Pr\u00fcfung von Alternativen und der enormen \u00f6kologischen Belastung werben wir als NABU-Gruppe Freiburg daf\u00fcr, das Dietenbachgel\u00e4nde unbebaut zu lassen.\u201d<\/p>\n<p class=\"csc-firstHeader\"><a title=\"\" href=\"http:\/\/www.bund-in-freiburg.de\/startseite\/\" target=\"_blank\" rel=\"noopener noreferrer\"><strong>BUND-Ortsverband Freiburg<\/strong><\/a><\/p>\n<div class=\"csc-header csc-header-n1\">\n<p class=\"bodytext\">Herzlich willkommen auf den Seiten des BUND-Ortsverbands Freiburg!<br \/>\nHier ist der richtige Ort f\u00fcr alle FreiburgerInnen, die sich <a title=\"\" href=\"http:\/\/www.bund-in-freiburg.de\/startseite\/\" target=\"_blank\" rel=\"noopener noreferrer\">f\u00fcr Natur und Umwelt begeistern und engagieren<\/a> wollen. Wenn Sie bei uns mitmachen m\u00f6chten, kommen Sie doch mal zum unverbindlichen Kennenlernen zu unserem n\u00e4chsten Treffen oder einer unserer <a href=\"http:\/\/www.bund-in-freiburg.de\/nc\/termine\/\">Veranstaltungen<\/a>!<\/p>\n<p><a title=\"\" href=\"https:\/\/rettet-dietenbach.de\/wp-content\/uploads\/2019\/01\/BUND_unsere-Meinung.pdf\" target=\"_blank\" rel=\"noopener noreferrer\">Unsere Meinung zu Dietenbach<\/a><\/p>\n<\/div>\n<p><a title=\"\" href=\"https:\/\/lnv-bw.de\/lnv-vor-ort\/lnv-arbeitskreis-breisgau-hochschwarzwald\/\" target=\"_blank\" rel=\"noopener noreferrer\"><strong>LNV-Arbeitskreis Breisgau-Hochschwarzwald und Freiburg<\/strong><\/a><\/p>\n<p>Der Landesnaturschutzverband Baden-W\u00fcrttemberg e. V. (LNV) ist ein Zusammenschluss von Vereinen, die den Natur- und Umweltschutz in Baden-W\u00fcrttemberg aktiv f\u00f6rdern und unterst\u00fctzen. Als solcher ist er anerkannter Naturschutzverband (nach dem Umweltrechtsbehelfsgesetz \u00a7 3) und anerkannter Dachverband (nach dem baden-w\u00fcrttembergischen Naturschutzgesetz \u00a7 51) mit 32 Mitgliedsvereinen.<\/p>\n<p>Schwerpunkte des LNV-Arbeitskreises:<br \/>\n\u2013 <a title=\"\" href=\"https:\/\/lnv-bw.de\/lnv-vor-ort\/lnv-arbeitskreis-breisgau-hochschwarzwald\/\" target=\"_blank\" rel=\"noopener noreferrer\">Stellungnahmen zu naturschutzrelevanten Themen, insbesondere Bebauungspl\u00e4ne und Fl\u00e4chennutzungspl\u00e4ne, sowie Befreiungen<\/a><br \/>\n\u2013 Amphibienschutzma\u00dfnahmen<br \/>\n\u2013 Ma\u00dfnahmen gegen Neophyten (nichtheimische Pflanzenarten, die andere verdr\u00e4ngen)<\/p>\n<p>Im LNV-Arbeitskreis arbeiten mit:<br \/>\nNaturschutzbund (<a href=\"http:\/\/www.frsw.de\/nabu.htm\" target=\"_blank\" rel=\"noopener noreferrer\">NABU<\/a>), <a href=\"http:\/\/www.naturfreunde-baden.de\/naturfreunde\/ortgruppen\/bezirk-4-hochschwarzwald.html\" target=\"_blank\" rel=\"noopener noreferrer\">NaturFreunde<\/a>, <a href=\"http:\/\/www.schwarzwaldverein.de\/\" target=\"_blank\" rel=\"noopener noreferrer\">Schwarzwaldverein<\/a>, <a href=\"http:\/\/www.jv-freiburg.de\/detail\/artikel\/wir-ueber-uns-3\/a\/show\/c\/News\/\" target=\"_blank\" rel=\"noopener noreferrer\">Landesjagdverband;\u00a0<\/a>au\u00dferdem gibt es eine enge Zusammenarbeit mit den <a href=\"http:\/\/www.breisgau-hochschwarzwald.de\/pb\/site\/Breisgau-Hochschwarzwald\/get\/428877\/Naturschutzbeauftragte,%20Stand%202014.pdf\" target=\"_blank\" rel=\"noopener noreferrer\">Naturschutzbeauftragten<\/a>.<\/p>\n<p>15.02.2019 \u00a0 LNV-Stellungnahme zu Dietenbach<br \/>\n<a title=\"\" href=\"https:\/\/rettet-dietenbach.de\/wp-content\/uploads\/2019\/02\/LNV-Pressekonferenz_RegioBuendnis_15Feb2019.pdf\" target=\"_blank\" rel=\"noopener noreferrer\">LNV Arbeitskreis Freiburg \u2013 Kaiserstuhl: Keine Verbauung von \u201eDietenbach\u201c!<\/a><\/p>\n<p>07.10.2018 \u00a0 Pressemitteilung des LNV<br \/>\n<a title=\"\" href=\"https:\/\/rettet-dietenbach.de\/wp-content\/uploads\/2018\/12\/LNV-PM_7Okt2018.pdf\" target=\"_blank\" rel=\"noopener noreferrer\">Landesnaturschutzverband warnt vor Dammbruch beim Fl\u00e4chenverbrauch<\/a><br \/>\nZunahme der Baufl\u00e4chen hat sich 2017 gegen\u00fcber dem Vorjahr verdoppelt<\/p>\n<p>21.04.2018\u00a0\u00a0 Pressemitteilung des LNV<br \/>\n<a title=\"\" href=\"https:\/\/rettet-dietenbach.de\/wp-content\/uploads\/2018\/12\/LNV-PM_21Apr2018.pdf\" target=\"_blank\" rel=\"noopener noreferrer\">Landesnaturschutzverband kritisiert ma\u00dflose Fl\u00e4chenforderungen f\u00fcr den Wohnungsbau<\/a><\/p>\n<p><a href=\"https:\/\/www.wemgehoertdiestadt.org\/\"><strong>Bauverein \u201cWem geh\u00f6rt die Stadt?\u201d<\/strong><\/a><\/p>\n<p>Wir arbeiten in Freiburg an wohnungspolitischen Themen wie z.B. <a title=\"&quot;Recht auf Stadt&quot; - Netzwerk Freiburg\" href=\"http:\/\/www.rechtaufstadt-freiburg.de\/\">Recht auf Stadt<\/a>, Verdr\u00e4ngung und Gentrifizierung, Privatisierung; und zwar jeweils in Verbindung mit konkreten Bauprojekten, bei denen wir Alternativen zur \u00fcblichen Verdr\u00e4ngungs\u00f6konomie durch Eigentumsbildung und\/oder hochpreisige Mieten entwickeln und verwirklichen wollen.<\/p>\n<p>Unser Ziel ist es <a href=\"https:\/\/www.wemgehoertdiestadt.org\/\">Mietwohnungen zu erhalten oder auszubauen, die auch f\u00fcr GeringverdienerInnen bezahlbar sind; und die mit einer dauerhaften Sozialbindung ausgestattet und unverk\u00e4uflich sind<\/a>, vorzugsweise nach dem Modell des Mietsh\u00e4user Syndikats; und die genossenschaftlich organisiert sind.<\/p>\n<p><a title=\"\" href=\"http:\/\/www.frimp.de\/\" target=\"_blank\" rel=\"noopener noreferrer\"><strong>FRIMP \u2013 Freiburger Informations- und Meinungsportal<\/strong><\/a><\/p>\n<p><img loading=\"lazy\" class=\"size-full wp-image-4244 alignleft\" src=\"https:\/\/rettet-dietenbach.de\/wp-content\/uploads\/2019\/02\/FRIMP-Logo-e1550846628670.png\" alt=\"\" width=\"200\" height=\"120\" \/><\/p>\n<p>Das Informations- und Meinungsportal soll der Freiburger B\u00fcrgerschaft ein erg\u00e4nzendes Informationsangebot und Diskussionsforum bieten. Aufgrund der Aktualit\u00e4t startet das Portal mit dem Thema Dietenbach inkl. HRB Horben. Weitere f\u00fcr Freiburg wichtige Themen sollen folgen.<\/p>\n<p><a title=\"Ny\u00e9l\u00e9ni.de \u2013 Bewegung f\u00fcr Ern\u00e4hrungssouveranit\u00e4t\" href=\"http:\/\/nyeleni.de\/\" target=\"_blank\" rel=\"home noopener noreferrer\"><strong>Ny\u00e9l\u00e9ni.de \u2013 Bewegung f\u00fcr Ern\u00e4hrungssouver\u00e4nit\u00e4t<\/strong><\/a><\/p>\n<p class=\"hfeed\">Das Ziel der Bewegung f\u00fcr Ern\u00e4hrungssouver\u00e4nit\u00e4t ist, dass Menschen die Gestaltung ihres Lebensmittel- und Agrarsystems selbst in die Hand nehmen. <a title=\"\" href=\"http:\/\/nyeleni.de\/\" target=\"_blank\" rel=\"noopener noreferrer\">Alle Menschen sollen das Recht auf und den Zugang zu gesunder, regionaler Nahrung, die ohne Ausbeutung von Natur und Menschen hergestellt und verteilt wird, haben.<\/a> Um Ern\u00e4hrungssouver\u00e4nit\u00e4t umsetzen zu k\u00f6nnen, braucht es viele Menschen, die an vielen Orten viele kleine Dinge tun.<\/p>\n<p><a title=\"\" href=\"https:\/\/www.regenwald.org\/verein\/ueber-uns\" target=\"_blank\" rel=\"noopener noreferrer\"><strong>Rettet den Regenwald e. V.<\/strong><\/a><\/p>\n<p>Rettet den Regenwald e.V. setzt sich seit 1986 aktiv f\u00fcr den Schutz des Regenwaldes ein. Der gemeinn\u00fctzige Verein benennt regenwaldzerst\u00f6rende Projekte, Unternehmen und politische Entscheider. Rettet den Regenwald e.V. unterst\u00fctzt zudem lokale Basisorganisationen in den Tropen, damit<a title=\"\" href=\"https:\/\/www.regenwald.org\/verein\/ueber-uns\" target=\"_blank\" rel=\"noopener noreferrer\"> Landraub, Abholzungen, Tiermord\/Qu\u00e4lerei und Umweltzerst\u00f6rung<\/a> verhindert werden.<\/p>\n<p><img loading=\"lazy\" class=\"size-full wp-image-2559 aligncenter\" src=\"https:\/\/rettet-dietenbach.de\/wp-content\/uploads\/2018\/11\/P1190965_b-e1543703694637.jpg\" alt=\"\" width=\"400\" height=\"533\" \/><\/p>\n<p><em>Im Dietenbach\/Aufnahme: Susanne Schlatter<br \/>\n<\/em><\/p>\n","protected":false},"excerpt":{"rendered":"<p>BI Pro Landwirtschaft und Wald in Freiburg Dietenbach &amp; Regio Die Webseite der Landwirte f\u00fcr den Erhalt von Dietenbach \u00dcber unsere BI Wir Landwirte und B\u00fcrger*innen treten f\u00fcr den Erhalt des Gewannes Freiburg Dietenbach als Landwirtschaftsfl\u00e4che, Kulturlandschaft und Naherholungsgebiet mit seinen \u00c4ckern, Wiesen und Wald ein. Wir sind strikt gegen eine Bebauung, die seitens der &hellip; <\/p>\n<p class=\"link-more\"><a href=\"https:\/\/dietenbach-ist-ueberall.de\/?page_id=896\" class=\"more-link\"><span class=\"screen-reader-text\">\u201eInformative Webseiten\u201c<\/span> weiterlesen<\/a><\/p>\n","protected":false},"author":3,"featured_media":0,"parent":0,"menu_order":0,"comment_status":"closed","ping_status":"closed","template":"","meta":[],"_links":{"self":[{"href":"https:\/\/dietenbach-ist-ueberall.de\/index.php?rest_route=\/wp\/v2\/pages\/896"}],"collection":[{"href":"https:\/\/dietenbach-ist-ueberall.de\/index.php?rest_route=\/wp\/v2\/pages"}],"about":[{"href":"https:\/\/dietenbach-ist-ueberall.de\/index.php?rest_route=\/wp\/v2\/types\/page"}],"author":[{"embeddable":true,"href":"https:\/\/dietenbach-ist-ueberall.de\/index.php?rest_route=\/wp\/v2\/users\/3"}],"replies":[{"embeddable":true,"href":"https:\/\/dietenbach-ist-ueberall.de\/index.php?rest_route=%2Fwp%2Fv2%2Fcomments&post=896"}],"version-history":[{"count":3,"href":"https:\/\/dietenbach-ist-ueberall.de\/index.php?rest_route=\/wp\/v2\/pages\/896\/revisions"}],"predecessor-version":[{"id":899,"href":"https:\/\/dietenbach-ist-ueberall.de\/index.php?rest_route=\/wp\/v2\/pages\/896\/revisions\/899"}],"wp:attachment":[{"href":"https:\/\/dietenbach-ist-ueberall.de\/index.php?rest_route=%2Fwp%2Fv2%2Fmedia&parent=896"}],"curies":[{"name":"wp","href":"https:\/\/api.w.org\/{rel}","templated":true}]}}