{"id":1356,"date":"2019-09-22T16:24:41","date_gmt":"2019-09-22T14:24:41","guid":{"rendered":"https:\/\/dietenbach-ist-ueberall.de\/?page_id=1356"},"modified":"2020-05-25T16:55:43","modified_gmt":"2020-05-25T14:55:43","slug":"antrag-auf-einwohnerversammlung-2-3","status":"publish","type":"page","link":"https:\/\/dietenbach-ist-ueberall.de\/?page_id=1356","title":{"rendered":"Einwohnerversammlung"},"content":{"rendered":"<p style=\"text-align: center;\"><a href=\"#Die st\u00e4dtische Einwohnerversammlung zu Dietenbach\" target=\"_self\" rel=\"noopener noreferrer\">Die st\u00e4dtische Einwohnerversammlung zu Dietenbach<\/a><br \/>\n<a href=\"#Die letzten Unterschriften\" target=\"_self\" rel=\"noopener noreferrer\">Die letzten Unterschriften<\/a><br \/>\n<a href=\"#Die zweiten tausend Unterschriften\" target=\"_self\" rel=\"noopener noreferrer\">Die zweiten tausend Unterschriften<\/a><br \/>\n<a href=\"#Die ersten tausend Unterschriften\" target=\"_self\" rel=\"noopener noreferrer\">Die ersten tausend Unterschriften<\/a><br \/>\n<a href=\"#Start der Unterschriftensammlung\" target=\"_self\" rel=\"noopener noreferrer\">Start der Unterschriftensammlung<\/a><\/p>\n<div class=\"entry-content\">\n<hr \/>\n<\/div>\n<div class=\"entry-content\">\n<h2><\/h2>\n<h2 id=\"Die st\u00e4dtische Einwohnerversammlung zu Dietenbach\" style=\"text-align: center;\"><span style=\"color: #993300;\">Die st\u00e4dtische Einwohnerversammlung zu Dietenbach<\/span><\/h2>\n<\/div>\n<p style=\"text-align: left;\">Eine <a href=\"https:\/\/www.badische-zeitung.de\/freiburger-verwaltung-stellt-stand-des-mammutprojekts-dietenbach-vor\" target=\"_blank\" rel=\"noopener noreferrer\">Einwohnerversammlung<\/a> zum geplanten Stadteil Dietenbach fand <span data-rich-text-format-boundary=\"true\">am 11.11.2019<\/span> um 18:30 Uhr im Paulussaal in der Dreisamstra\u00dfe 3 statt. Durch die Unterschriftensammlung f\u00fcr den Antrag auf Einwohnerversammlung wurde damit die erste Einwohnerversammlung in Freiburg seit 1983 initiiert (vgl.\u00a0<a href=\"https:\/\/www.badische-zeitung.de\/diese-woche-finden-in-freiburg-gleich-zwei-einwohnerversammlungen-statt--179247884.html\">Badische Zeitung,\u00a0 11.11.2019<\/a>).<\/p>\n<p>Schon das <a href=\"https:\/\/inklusives-netzwerk-freiburg.de\/sites\/default\/files\/termin\/29-10%20Einladungsplakat.pdf\">Einladungsplakat <\/a>lie\u00df ahnen, dass es sich um eine \u201eDietenbach &#8211; werbende&#8220; Veranstaltung handelt. In deren dreist\u00fcndigem Verlauf wurden f\u00fcr die im Antrag auf Einwohnerversammlung genannten drei kritischen Fragen zum Thema \u201ebezahlbarem Wohnraum&#8220; nur eine Redezeit von insgesamt 9 Minuten einger\u00e4umt, mit der Folge, dass die B\u00fcrgeraktion Dietenbach auf eine aktive Teilnahme verzichtet hat (vgl. rdl, <a href=\"https:\/\/rdl.de\/beitrag\/b-rgeraktion-dietenbach-lehnt-aktive-teilnahme-einwohnerversammlung-ab\">B\u00fcrgeraktion Dietenbach lehnt aktive Teilnahme an Einwohnerversammlung ab<\/a>, 8.11.2019., hier die <a href=\"https:\/\/dietenbach-ist-ueberall.de\/wp-content\/uploads\/2019\/11\/PM-Einw.Vers_._06Nov2019.pdf\">Medienmitteilung<\/a>).<\/p>\n<p>Die Veranstaltung war umstritten und trotz mit hohen Kosten verbundenem Medieneinsatz kann bezweifelt werden, ob diese streng strukturierte Infoveranstaltung, die wenig Gestaltungsm\u00f6glichkeiten lie\u00df, dem Anspruch, eine Meinungs- und Willensbildung der B\u00fcrger zu f\u00f6rdern, nachgekommen ist (vgl. rdl, <a href=\"https:\/\/rdl.de\/beitrag\/also-das-ist-dann-schon-eine-mehr-oder-minder-gro-e-demokratie-farce\">\u201e&#8230;also das ist dann schon eine mehr oder minder gro\u00dfe Demokratie-Farce.&#8220;<\/a>, 12.11.2019).<\/p>\n<p>Immerhin wurde bei dieser Einwohnerversammlung erstmals deutlich, dass das Neubaustadteil Dietenbach ein 100 Millionen Defizit-Loch aufrei\u00dfen wird bei Gesamtkosten von 850 Millionen Euro <a href=\"https:\/\/fudder.de\/freiburgs-superstadtteil-dietenbach-verursacht-100-millionen-euro-defizit\">(vgl. Fudder, 12.11.2019).<\/a><\/p>\n<p><a href=\"#top\" target=\"_self\" rel=\"noopener noreferrer\">nach oben<\/a><\/p>\n<div class=\"entry-content\">\n<hr \/>\n<h2 id=\"Die letzten Unterschriften\" style=\"text-align: center;\"><span style=\"color: #993300;\">Die letzten Unterschriften<\/span><\/h2>\n<p>Die letzen ann\u00e4hernd 500 Unterschriften (genau 464 Unterschriften) wurden am Vormittag des 11. September 2019 von den Vertrauenspersonen Manfred Kr\u00f6ber und Ulrich Glaubitz beim Wahlamt der Stadt Freiburg im St\u00fchlinger Rathaus eingereicht.<\/p>\n<p style=\"text-align: left;\">Wir danken allen, die uns mit ihrer Unterschrift unterst\u00fctzt haben und erkennen daran ein gro\u00dfes Interesse an Transparenz hinsichtlich der Frage, ob der geplante Neubau-Stadtteil Dietenbach bezahlbar ist, sowohl f\u00fcr die Stadt als auch f\u00fcr den einkommensschwachen B\u00fcrger &#8211;\u00a0 und dessen Auswirkung auf den Freiburger Mietspiegel.<\/p>\n<p><a href=\"#top\" target=\"_self\" rel=\"noopener noreferrer\">nach oben<\/a><\/p>\n<hr \/>\n<h2 id=\"Die zweiten tausend Unterschriften\" style=\"text-align: center;\"><span style=\"color: #993300;\">Die zweiten tausend Unterschriften<\/span><\/h2>\n<h3><\/h3>\n<h3>11. September 2019<\/h3>\n<p><a href=\"https:\/\/dietenbach-ist-ueberall.de\/wp-content\/uploads\/2019\/09\/PM-Einwohnerversammlung_11Sep2019.pdf\">Medienmitteilung der Vertrauenspersonen vom 11. September 2019 zur Abgabe der zweiten tausend Unterschriften<\/a><br \/>\n<a href=\"#top\" target=\"_self\" rel=\"noopener noreferrer\">nach oben<\/a><\/p>\n<\/div>\n<h3><\/h3>\n<h3><\/h3>\n<div class=\"entry-content\">\n<h3>16. September 2019<\/h3>\n<p>Das zweite Tausend an Unterschriften<\/p>\n<p>f\u00fcr den Antrag auf Einwohnerversammlung wurde gesammelt. Damit fehlen unter Ber\u00fccksichtigung der G\u00fcltigkeitsquote nur noch ca. 700 Unterschriften f\u00fcr den Antrag.<\/p>\n<h3><img loading=\"lazy\" class=\"aligncenter wp-image-555 size-large\" src=\"https:\/\/dietenbach-ist-ueberall.de\/wp-content\/uploads\/2019\/09\/B1_EV_16.9.19-1024x518.jpg\" sizes=\"(max-width: 525px) 100vw, 525px\" srcset=\"https:\/\/dietenbach-ist-ueberall.de\/wp-content\/uploads\/2019\/09\/B1_EV_16.9.19-1024x518.jpg 1024w, https:\/\/dietenbach-ist-ueberall.de\/wp-content\/uploads\/2019\/09\/B1_EV_16.9.19-300x152.jpg 300w, https:\/\/dietenbach-ist-ueberall.de\/wp-content\/uploads\/2019\/09\/B1_EV_16.9.19-768x389.jpg 768w\" alt=\"\" width=\"525\" height=\"266\" \/><\/h3>\n<p>Diese Listen wurden am 16. September 2019 von den Vertrauenspersonen Manfred Kr\u00f6ber, Ulrich Glaubitz, Susanne Schlatter sowie weiteren Helfern um 15:30 beim Rathaus im St\u00fchlinger eingereicht \u2026<\/p>\n<h3><img loading=\"lazy\" class=\"size-medium wp-image-557 aligncenter\" src=\"https:\/\/dietenbach-ist-ueberall.de\/wp-content\/uploads\/2019\/09\/B3_EV_16.9.19-300x174.jpg\" sizes=\"(max-width: 300px) 100vw, 300px\" srcset=\"https:\/\/dietenbach-ist-ueberall.de\/wp-content\/uploads\/2019\/09\/B3_EV_16.9.19-300x174.jpg 300w, https:\/\/dietenbach-ist-ueberall.de\/wp-content\/uploads\/2019\/09\/B3_EV_16.9.19-768x446.jpg 768w, https:\/\/dietenbach-ist-ueberall.de\/wp-content\/uploads\/2019\/09\/B3_EV_16.9.19-1024x594.jpg 1024w\" alt=\"\" width=\"300\" height=\"174\" \/><\/h3>\n<p>\u2026 und dort von Frau L\u00f6ffler in Empfang genommen.<\/p>\n<h3><img loading=\"lazy\" class=\"aligncenter wp-image-556 size-large\" src=\"https:\/\/dietenbach-ist-ueberall.de\/wp-content\/uploads\/2019\/09\/B2_EV_16.9.19-1024x576.jpg\" sizes=\"(max-width: 525px) 100vw, 525px\" srcset=\"https:\/\/dietenbach-ist-ueberall.de\/wp-content\/uploads\/2019\/09\/B2_EV_16.9.19-1024x576.jpg 1024w, https:\/\/dietenbach-ist-ueberall.de\/wp-content\/uploads\/2019\/09\/B2_EV_16.9.19-300x169.jpg 300w, https:\/\/dietenbach-ist-ueberall.de\/wp-content\/uploads\/2019\/09\/B2_EV_16.9.19-768x432.jpg 768w\" alt=\"\" width=\"525\" height=\"295\" \/><\/h3>\n<p>Herzlichen Dank an alle, die mit ihrer Unterschrift dies erm\u00f6glicht haben!<\/p>\n<hr \/>\n<h2 id=\"Die ersten tausend Unterschriften\" style=\"text-align: center;\"><span style=\"color: #993300;\">Die ersten tausend Unterschriften<\/span><\/h2>\n<h3><\/h3>\n<h3>4. Juli 2019<\/h3>\n<p><a href=\"https:\/\/dietenbach-ist-ueberall.de\/wp-content\/uploads\/2019\/08\/MM_EV_05.07.19.pdf\">Medienmitteilung der Vertrauenspersonen vom 4. Juli 2019 zur Abgabe der ersten tausend Unterschriften<\/a><br \/>\n<a href=\"#top\" target=\"_self\" rel=\"noopener noreferrer\">nach oben<\/a><\/p>\n<\/div>\n<h3><\/h3>\n<h2><\/h2>\n<div class=\"entry-content\">\n<h3>5. Juli 2019<\/h3>\n<p>Die ersten tausend Unterschriften<\/p>\n<p>f\u00fcr den Antrag auf Einwohnerversammlung zum Thema \u201cbezahlbarer Wohnraum\u201d<br \/>\nwurden am Freitag, den 5. Juli 2019 um 9:30 Uhr von den Vertrauenspersonen Manfred Kr\u00f6ber und Ulrich Glaubitz aufs Rathaus im St\u00fchlinger ins 2. Obergeschoss (Wahlamt der Stadt Freiburg) gebracht.<\/p>\n<p><img loading=\"lazy\" class=\"aligncenter wp-image-182 size-medium\" src=\"https:\/\/dietenbach-ist-ueberall.de\/wp-content\/uploads\/2019\/08\/EV_5.7.19_1000_01-300x176.jpg\" sizes=\"(max-width: 300px) 100vw, 300px\" srcset=\"https:\/\/dietenbach-ist-ueberall.de\/wp-content\/uploads\/2019\/08\/EV_5.7.19_1000_01-300x176.jpg 300w, https:\/\/dietenbach-ist-ueberall.de\/wp-content\/uploads\/2019\/08\/EV_5.7.19_1000_01-768x450.jpg 768w, https:\/\/dietenbach-ist-ueberall.de\/wp-content\/uploads\/2019\/08\/EV_5.7.19_1000_01-1024x600.jpg 1024w\" alt=\"\" width=\"300\" height=\"176\" \/><\/p>\n<p>Dort wurden sie Herrn Willmann \u00fcbergeben.<\/p>\n<p><img loading=\"lazy\" class=\"alignnone wp-image-181 size-large\" src=\"https:\/\/dietenbach-ist-ueberall.de\/wp-content\/uploads\/2019\/08\/EV_5.7.19_1000_02-1024x576.jpg\" sizes=\"(max-width: 525px) 100vw, 525px\" srcset=\"https:\/\/dietenbach-ist-ueberall.de\/wp-content\/uploads\/2019\/08\/EV_5.7.19_1000_02-1024x576.jpg 1024w, https:\/\/dietenbach-ist-ueberall.de\/wp-content\/uploads\/2019\/08\/EV_5.7.19_1000_02-300x169.jpg 300w, https:\/\/dietenbach-ist-ueberall.de\/wp-content\/uploads\/2019\/08\/EV_5.7.19_1000_02-768x432.jpg 768w\" alt=\"\" width=\"525\" height=\"295\" \/><\/p>\n<p><img loading=\"lazy\" class=\"wp-image-180 size-large aligncenter\" src=\"https:\/\/dietenbach-ist-ueberall.de\/wp-content\/uploads\/2019\/08\/EV_5.7.19_1000_03-1024x576.jpg\" sizes=\"(max-width: 525px) 100vw, 525px\" srcset=\"https:\/\/dietenbach-ist-ueberall.de\/wp-content\/uploads\/2019\/08\/EV_5.7.19_1000_03-1024x576.jpg 1024w, https:\/\/dietenbach-ist-ueberall.de\/wp-content\/uploads\/2019\/08\/EV_5.7.19_1000_03-300x169.jpg 300w, https:\/\/dietenbach-ist-ueberall.de\/wp-content\/uploads\/2019\/08\/EV_5.7.19_1000_03-768x432.jpg 768w\" alt=\"\" width=\"525\" height=\"295\" \/><\/p>\n<p>Einen gro\u00dfen Dank an alle, die den Antrag auf Einwohnerversammlung mit ihrer Unterschrift unterst\u00fctzt haben!<\/p>\n<hr \/>\n<h2 id=\"Start der Unterschriftensammlung\" style=\"text-align: center;\"><span style=\"color: #993300;\">Start der Unterschriftensammlung<\/span><\/h2>\n<h3><\/h3>\n<h3>26. April 2019<\/h3>\n<p><a href=\"https:\/\/dietenbach-ist-ueberall.de\/wp-content\/uploads\/2019\/08\/PM-BuergeraktionDietenbach_26Apr2019.pdf\">Pressemitteilung der Vertrauenspersonen vom 26.04.2019 zum Start der Unterschriftensammlung<\/a><br \/>\n<a href=\"#top\" target=\"_self\" rel=\"noopener noreferrer\">nach oben<\/a><\/p>\n<h3><\/h3>\n<h3>29. April 2019<\/h3>\n<p>Das Interview zum Start der Unterschriftenaktion<\/p>\n<p><a href=\"https:\/\/rdl.de\/beitrag\/bebauungsgegnerinnen-sammeln-nun-unterschriften-f-r-einwohnerversammlung-zu-bezahlbarem\" target=\"_blank\" rel=\"noreferrer noopener\">Bebauungsgegnerinnen sammeln nun Unterschriften f\u00fcr Einwohnerversammlung zu bezahlbarem Wohnraum in Dietenbach<\/a><\/p>\n<p>von Herrn Matthieu mit Susanne Schlatter, eine der Initatorinnen dieser Unterschriftensammlung, \u00fcber den Zweck und das Ziel einer Einwohnerversammlung zum Thema \u201cbezahlbarer Wohnraum\u201d.<\/p>\n<p>(29. April 2019, RDL Livestream, 6:29 Min.)<\/p>\n<\/div>\n","protected":false},"excerpt":{"rendered":"<p>Die st\u00e4dtische Einwohnerversammlung zu Dietenbach Die letzten Unterschriften Die zweiten tausend Unterschriften Die ersten tausend Unterschriften Start der Unterschriftensammlung Die st\u00e4dtische Einwohnerversammlung zu Dietenbach Eine Einwohnerversammlung zum geplanten Stadteil Dietenbach fand am 11.11.2019 um 18:30 Uhr im Paulussaal in der Dreisamstra\u00dfe 3 statt. Durch die Unterschriftensammlung f\u00fcr den Antrag auf Einwohnerversammlung wurde damit die erste &hellip; <\/p>\n<p class=\"link-more\"><a href=\"https:\/\/dietenbach-ist-ueberall.de\/?page_id=1356\" class=\"more-link\"><span class=\"screen-reader-text\">\u201eEinwohnerversammlung\u201c<\/span> weiterlesen<\/a><\/p>\n","protected":false},"author":2,"featured_media":0,"parent":0,"menu_order":0,"comment_status":"closed","ping_status":"closed","template":"","meta":[],"_links":{"self":[{"href":"https:\/\/dietenbach-ist-ueberall.de\/index.php?rest_route=\/wp\/v2\/pages\/1356"}],"collection":[{"href":"https:\/\/dietenbach-ist-ueberall.de\/index.php?rest_route=\/wp\/v2\/pages"}],"about":[{"href":"https:\/\/dietenbach-ist-ueberall.de\/index.php?rest_route=\/wp\/v2\/types\/page"}],"author":[{"embeddable":true,"href":"https:\/\/dietenbach-ist-ueberall.de\/index.php?rest_route=\/wp\/v2\/users\/2"}],"replies":[{"embeddable":true,"href":"https:\/\/dietenbach-ist-ueberall.de\/index.php?rest_route=%2Fwp%2Fv2%2Fcomments&post=1356"}],"version-history":[{"count":9,"href":"https:\/\/dietenbach-ist-ueberall.de\/index.php?rest_route=\/wp\/v2\/pages\/1356\/revisions"}],"predecessor-version":[{"id":1439,"href":"https:\/\/dietenbach-ist-ueberall.de\/index.php?rest_route=\/wp\/v2\/pages\/1356\/revisions\/1439"}],"wp:attachment":[{"href":"https:\/\/dietenbach-ist-ueberall.de\/index.php?rest_route=%2Fwp%2Fv2%2Fmedia&parent=1356"}],"curies":[{"name":"wp","href":"https:\/\/api.w.org\/{rel}","templated":true}]}}